{"id":12321,"date":"2024-04-25T19:18:16","date_gmt":"2024-04-25T19:18:16","guid":{"rendered":"https:\/\/www.cirugiaplasticaospina.com\/?page_id=12321"},"modified":"2024-06-04T10:08:21","modified_gmt":"2024-06-04T10:08:21","slug":"consulta-online","status":"publish","type":"page","link":"https:\/\/www.cirugiaplasticaospina.com\/en\/consulta-online\/","title":{"rendered":"Consulta OnLine"},"content":{"rendered":"<div class=\"wpb-content-wrapper\"><p>[vc_row full_width=&#8221;stretch_row&#8221; content_placement=&#8221;middle&#8221; parallax=&#8221;content-moving&#8221; parallax_image=&#8221;12215&#8243; bg_type=&#8221;image&#8221; parallax_style=&#8221;vcpb-default&#8221; bg_image_new=&#8221;id^12215|url^https:\/\/www.cirugiaplasticaospina.com\/wp-content\/uploads\/2024\/04\/Fondo_opacidad.jpg|caption^Businessman working laptop for new architectural project. Generic design notebook on the table. Young businessman working with laptop at office. Unrecognizable man using a modern portable computer|alt^null|title^Businessman working laptop for new architectural project. Generic design notebook on the table. Young businessman working with laptop at office. Unrecognizable man using a modern portable computer|description^null&#8221; css=&#8221;.vc_custom_1714498229774{background-position: center;background-repeat: no-repeat !important;background-size: contain !important;}&#8221;][vc_column][vc_separator color=&#8221;custom&#8221; border_width=&#8221;5&#8243; el_width=&#8221;20&#8243; accent_color=&#8221;#e7bf81&#8243;][vc_column_text]<\/p>\n<h2 style=\"text-align: center;\">CONSULTA ONLINE<\/h2>\n<p>[\/vc_column_text][vc_icon icon_fontawesome=&#8221;fas fa-desktop&#8221; color=&#8221;white&#8221; background_style=&#8221;rounded&#8221; background_color=&#8221;custom&#8221; size=&#8221;lg&#8221; align=&#8221;center&#8221; custom_background_color=&#8221;#e7bf81&#8243;][vc_empty_space][vc_column_text css=&#8221;.vc_custom_1717403003917{padding-top: 40px !important;padding-right: 40px !important;padding-bottom: 40px !important;padding-left: 40px !important;background-color: #f9f0e3 !important;}&#8221;]Dada la demanda de consultas y servicios en l\u00ednea para agilizar el proceso de cambio que deseas iniciar, hemos implementado <strong>la consulta online<\/strong> para agilizar el proceso de cambio que deseas iniciar.<\/p>\n<p>&nbsp;<\/p>\n<p>El prop\u00f3sito de esta nueva modalidad es reducir el tiempo entre la primera evaluaci\u00f3n y la direcci\u00f3n adecuada, brind\u00e1ndote informaci\u00f3n inicial que permitir\u00e1 tomar decisiones sin largas esperas. Durante esta consulta, recibir\u00e1s una valoraci\u00f3n inicial y diagn\u00f3stico, una direcci\u00f3n adecuada personalizada para tu caso, una simulaci\u00f3n en el caso de la rinoplastia, un presupuesto detallado, as\u00ed como la informaci\u00f3n necesaria para el procedimiento.<\/p>\n<p>&nbsp;<\/p>\n<p>Despu\u00e9s de revisar la informaci\u00f3n proporcionada, recibir\u00e1s un video explicativo realizado por el Dr. Ospina en un plazo m\u00e1ximo de <strong>45 d\u00edas h\u00e1biles<\/strong>, junto con toda la documentaci\u00f3n necesaria y un presupuesto detallado. En este video, se explicar\u00e1 el proceso recomendado para tu caso, se detallar\u00e1n los aspectos t\u00e9cnicos, el proceso operatorio y los posibles riesgos o complicaciones.<\/p>\n<p>&nbsp;<\/p>\n<p>Si decides proceder con la cirug\u00eda y aceptas el presupuesto, se programar\u00e1 una consulta presencial y se establecer\u00e1 una fecha para el procedimiento quir\u00fargico.<\/p>\n<p>Costo de la consulta online: <strong>50\u20ac (+ 7% IGIC).<\/strong> Costo de la segunda consulta presencial: <strong>50\u20ac (+ 7% IGIC).<\/strong> Costo de la primera consulta presencial: <strong>97\u20ac (+ 7% IGIC).<\/strong>[\/vc_column_text][\/vc_column][vc_column][\/vc_column][\/vc_row][vc_row][vc_column][vc_separator color=&#8221;custom&#8221; border_width=&#8221;5&#8243; el_width=&#8221;20&#8243; accent_color=&#8221;#e7bf81&#8243;][vc_column_text]<\/p>\n<h2 style=\"text-align: center;\">cuestionario de consulta online<\/h2>\n<p>[\/vc_column_text]\n<div class=\"wpcf7 no-js\" id=\"wpcf7-f12076-o1\" lang=\"es-ES\" dir=\"ltr\" data-wpcf7-id=\"12076\">\n<div class=\"screen-reader-response\"><p role=\"status\" aria-live=\"polite\" aria-atomic=\"true\"><\/p> <ul><\/ul><\/div>\n<form action=\"\/en\/wp-json\/wp\/v2\/pages\/12321#wpcf7-f12076-o1\" method=\"post\" class=\"wpcf7-form init\" aria-label=\"Formulario de contacto\" enctype=\"multipart\/form-data\" novalidate=\"novalidate\" data-status=\"init\">\n<div style=\"display: none;\">\n<input type=\"hidden\" name=\"_wpcf7\" value=\"12076\" \/>\n<input type=\"hidden\" name=\"_wpcf7_version\" value=\"6.0.3\" \/>\n<input type=\"hidden\" name=\"_wpcf7_locale\" value=\"es_ES\" \/>\n<input type=\"hidden\" name=\"_wpcf7_unit_tag\" value=\"wpcf7-f12076-o1\" \/>\n<input type=\"hidden\" name=\"_wpcf7_container_post\" value=\"0\" \/>\n<input type=\"hidden\" name=\"_wpcf7_posted_data_hash\" value=\"\" \/>\n<input type=\"hidden\" name=\"_uacf7_hidden_conditional_fields\" value=\"\" \/>\n<input type=\"hidden\" name=\"_wpcf7_recaptcha_response\" value=\"\" \/>\n<\/div>\n<div class=\"uacf7-form-12076\"><div id=\"responsive-form\" class=\"clearfix\">\n<div class=\"form-row\"><strong>INFORMACI\u00d3N PERSONAL<\/strong><\/div>\n<div class=\"form-row\">\n<div class=\"column-halfhalf\">   <span class=\"wpcf7-form-control-wrap\" data-name=\"your-nombre\"><input size=\"40\" maxlength=\"400\" class=\"wpcf7-form-control wpcf7-text wpcf7-validates-as-required\" autocomplete=\"nombre\" aria-required=\"true\" aria-invalid=\"false\" placeholder=\"Nombre\" value=\"\" type=\"text\" name=\"your-nombre\" \/><\/span> <\/div>\n<div class=\"column-halfhalf\">    <span class=\"wpcf7-form-control-wrap\" data-name=\"your-apellidos\"><input size=\"40\" maxlength=\"400\" class=\"wpcf7-form-control wpcf7-text wpcf7-validates-as-required\" aria-required=\"true\" aria-invalid=\"false\" placeholder=\"Apellidos\" value=\"\" type=\"text\" name=\"your-apellidos\" \/><\/span> <\/div>\n<div class=\"column-halfhalf\">    <span class=\"wpcf7-form-control-wrap\" data-name=\"your-edad\"><input class=\"wpcf7-form-control wpcf7-number wpcf7-validates-as-required wpcf7-validates-as-number\" min=\"18\" max=\"75\" aria-required=\"true\" aria-invalid=\"false\" placeholder=\"Edad\" value=\"\" type=\"number\" name=\"your-edad\" \/><\/span> <\/div>\n<\/div>\n\n<div class=\"form-row\">\n<div class=\"column-halfhalf\">    <span class=\"wpcf7-form-control-wrap\" data-name=\"your-peso\"><input class=\"wpcf7-form-control wpcf7-number wpcf7-validates-as-required wpcf7-validates-as-number\" aria-required=\"true\" aria-invalid=\"false\" placeholder=\"Peso (Kg)\" value=\"\" type=\"number\" name=\"your-peso\" \/><\/span> <\/div>\n<div class=\"column-halfhalf\">    <span class=\"wpcf7-form-control-wrap\" data-name=\"your-altura\"><input class=\"wpcf7-form-control wpcf7-number wpcf7-validates-as-required wpcf7-validates-as-number\" aria-required=\"true\" aria-invalid=\"false\" placeholder=\"Altura (cm)\" value=\"\" type=\"number\" name=\"your-altura\" \/><\/span> <\/div>\n<div class=\"column-halfhalf\">    <span class=\"wpcf7-form-control-wrap\" data-name=\"your-hijos\"><select class=\"wpcf7-form-control wpcf7-select wpcf7-validates-as-required\" aria-required=\"true\" aria-invalid=\"false\" name=\"your-hijos\"><option value=\"\u00bfTiene hijos?\">\u00bfTiene hijos?<\/option><option value=\"SI\">SI<\/option><option value=\"NO\">NO<\/option><\/select><\/span><\/div>\n<\/div>\n\n<div class=\"form-row\">\n<div class=\"column-halfhalf\"> <span class=\"wpcf7-form-control-wrap\" data-name=\"your-email\"><input size=\"40\" maxlength=\"400\" class=\"wpcf7-form-control wpcf7-email wpcf7-validates-as-required wpcf7-text wpcf7-validates-as-email\" autocomplete=\"email\" aria-required=\"true\" aria-invalid=\"false\" placeholder=\"Correo electr\u00f3nico\" value=\"\" type=\"email\" name=\"your-email\" \/><\/span> <\/div>\n<div class=\"column-halfhalf\"> <span class=\"wpcf7-form-control-wrap\" data-name=\"your-telelefono\"><input size=\"40\" maxlength=\"400\" class=\"wpcf7-form-control wpcf7-tel wpcf7-text wpcf7-validates-as-tel\" aria-invalid=\"false\" value=\"+34\" type=\"tel\" name=\"your-telelefono\" \/><\/span> <\/div>\n<div class=\"column-halfhalf\"> <span class=\"wpcf7-form-control-wrap\" data-name=\"your-dni\"><input size=\"40\" maxlength=\"400\" class=\"wpcf7-form-control wpcf7-text wpcf7-validates-as-required\" aria-required=\"true\" aria-invalid=\"false\" placeholder=\"DNI o Pasaporte\" value=\"\" type=\"text\" name=\"your-dni\" \/><\/span> <\/div>\n<\/div>\n<br>\n<div class=\"form-row\"> <strong>HISTORIAL M\u00c9DICO<\/strong><\/div>\n\n<div class=\"form-row\">\n<div class=\"column-half\"> <span class=\"wpcf7-form-control-wrap\" data-name=\"your-historialenfermedad\"><input size=\"40\" maxlength=\"400\" class=\"wpcf7-form-control wpcf7-text\" aria-invalid=\"false\" placeholder=\"Padece de alguna enfermedad. \u00bfCu\u00e1l? \/ \u00bfCu\u00e1les?\" value=\"\" type=\"text\" name=\"your-historialenfermedad\" \/><\/span> <\/div>\n<div class=\"column-half\"> <span class=\"wpcf7-form-control-wrap\" data-name=\"your-historialcirugias\"><input size=\"40\" maxlength=\"400\" class=\"wpcf7-form-control wpcf7-text\" aria-invalid=\"false\" placeholder=\"\u00bfHa sido sometido\/a a cirugias previas? \u00bfCu\u00e1l? \/ Cu\u00e1les?\" value=\"\" type=\"text\" name=\"your-historialcirugias\" \/><\/span> <\/div>\n<\/div>\n<div class=\"form-row\">\n<div class=\"column-half\"> <span class=\"wpcf7-form-control-wrap\" data-name=\"your-historialalergias\"><input size=\"40\" maxlength=\"400\" class=\"wpcf7-form-control wpcf7-text\" aria-invalid=\"false\" placeholder=\"\u00bfPresenta alergias a alg\u00fan medicamento? \u00bfCu\u00e1l? \/ \u00bfCu\u00e1les?\" value=\"\" type=\"text\" name=\"your-historialalergias\" \/><\/span> <\/div>\n<div class=\"column-half\"> <span class=\"wpcf7-form-control-wrap\" data-name=\"your-historialfumaralcohol\"><input size=\"40\" maxlength=\"400\" class=\"wpcf7-form-control wpcf7-text\" aria-invalid=\"false\" placeholder=\"\u00bfFuma o consume alcohol? Especifique cantidad\" value=\"\" type=\"text\" name=\"your-historialfumaralcohol\" \/><\/span> <\/div>\n<\/div>\n<div class=\"form-row\">\n<div class=\"column-full\"> <span class=\"wpcf7-form-control-wrap\" data-name=\"your-historialenfermedad\"><input size=\"40\" maxlength=\"400\" class=\"wpcf7-form-control wpcf7-text\" aria-invalid=\"false\" placeholder=\"\u00bfEsta tomando alg\u00fan medicamento? Especifique cu\u00e1les\" value=\"\" type=\"text\" name=\"your-historialenfermedad\" \/><\/span> <\/div>\n<\/div>\n\n<div class=\"form-row\"><strong>CIRUG\u00cdA DE INTER\u00c9S<\/strong><\/div>\n<div class=\"form-row\">\n<div class=\"column-full uacf7-border\"><span class=\"wpcf7-form-control-wrap\" data-name=\"cbCirugiaInteres\"><span class=\"wpcf7-form-control wpcf7-radio\"><span class=\"wpcf7-list-item first\"><input type=\"radio\" name=\"cbCirugiaInteres\" value=\"Cirug\u00eda de mama\" checked=\"checked\" \/><span class=\"wpcf7-list-item-label\">Cirug\u00eda de mama<\/span><\/span><span class=\"wpcf7-list-item\"><input type=\"radio\" name=\"cbCirugiaInteres\" value=\"Cirug\u00eda de contorno corporal\" \/><span class=\"wpcf7-list-item-label\">Cirug\u00eda de contorno corporal<\/span><\/span><span class=\"wpcf7-list-item\"><input type=\"radio\" name=\"cbCirugiaInteres\" value=\"Cirug\u00eda facial\" \/><span class=\"wpcf7-list-item-label\">Cirug\u00eda facial<\/span><\/span><span class=\"wpcf7-list-item last\"><input type=\"radio\" name=\"cbCirugiaInteres\" value=\"Cirug\u00eda \u00edntima\" \/><span class=\"wpcf7-list-item-label\">Cirug\u00eda \u00edntima<\/span><\/span><\/span><\/span><\/div>\n\n<div class=\"uacf7_conditional condtxtmama\">\n<div class=\"column-full uacf7-border\"><span class=\"wpcf7-form-control-wrap\" data-name=\"rbMama\"><span class=\"wpcf7-form-control wpcf7-radio\"><span class=\"wpcf7-list-item first\"><input type=\"radio\" name=\"rbMama\" value=\"Aumento\" checked=\"checked\" \/><span class=\"wpcf7-list-item-label\">Aumento<\/span><\/span><span class=\"wpcf7-list-item\"><input type=\"radio\" name=\"rbMama\" value=\"Reducci\u00f3n\" \/><span class=\"wpcf7-list-item-label\">Reducci\u00f3n<\/span><\/span><span class=\"wpcf7-list-item\"><input type=\"radio\" name=\"rbMama\" value=\"Elevaci\u00f3n\" \/><span class=\"wpcf7-list-item-label\">Elevaci\u00f3n<\/span><\/span><span class=\"wpcf7-list-item last\"><input type=\"radio\" name=\"rbMama\" value=\"Cambio de implantes\" \/><span class=\"wpcf7-list-item-label\">Cambio de implantes<\/span><\/span><\/span><\/span><\/div>\n<div class=\"column-full\"><span class=\"wpcf7-form-control-wrap\" data-name=\"mamaimplante\"><input size=\"40\" maxlength=\"400\" class=\"wpcf7-form-control wpcf7-text\" aria-invalid=\"false\" placeholder=\"En caso de tener implantes: A\u00f1os de la cirug\u00eda, marcas, detalles, tama\u00f1o, plan de colocaci\u00f3n, tipo de cicatriz.\" value=\"\" type=\"text\" name=\"mamaimplante\" \/><\/span> <\/div>\n\n<div class=\"form-row\">\n<div class=\"column-full\">\n<div class=\"wpb_text_column wpb_content_element  vc_custom_1714122670223\">\n<div class=\"wpb_wrapper\">\n<p><strong>NOTA. Durante la consulta presencial, podr\u00e1s ver todas los posibles resultados mediante simulaciones de volumen con los probadores, especialmente en el caso de aumento mamario.<\/strong><\/p>\n<\/div>\n<\/div>\n<\/div>\n<\/div>\n<\/div>\n<div class=\"uacf7_conditional condtxtcorporal\">\n<div class=\"column-full uacf7-border\"><span class=\"wpcf7-form-control-wrap\" data-name=\"rbcorporal\"><span class=\"wpcf7-form-control wpcf7-radio\"><span class=\"wpcf7-list-item first\"><input type=\"radio\" name=\"rbcorporal\" value=\"Abdomen\" checked=\"checked\" \/><span class=\"wpcf7-list-item-label\">Abdomen<\/span><\/span><span class=\"wpcf7-list-item\"><input type=\"radio\" name=\"rbcorporal\" value=\"Espalda\" \/><span class=\"wpcf7-list-item-label\">Espalda<\/span><\/span><span class=\"wpcf7-list-item\"><input type=\"radio\" name=\"rbcorporal\" value=\"Brazos\" \/><span class=\"wpcf7-list-item-label\">Brazos<\/span><\/span><span class=\"wpcf7-list-item\"><input type=\"radio\" name=\"rbcorporal\" value=\"Muslos\" \/><span class=\"wpcf7-list-item-label\">Muslos<\/span><\/span><span class=\"wpcf7-list-item last\"><input type=\"radio\" name=\"rbcorporal\" value=\"Gl\u00fateos\" \/><span class=\"wpcf7-list-item-label\">Gl\u00fateos<\/span><\/span><\/span><\/span><\/div>\n<\/div>\n<div class=\"uacf7_conditional condtxtfacial\">\n<div class=\"column-full uacf7-border\"><span class=\"wpcf7-form-control-wrap\" data-name=\"rbfacial\"><span class=\"wpcf7-form-control wpcf7-radio\"><span class=\"wpcf7-list-item first\"><input type=\"radio\" name=\"rbfacial\" value=\"Rinoplastia\" checked=\"checked\" \/><span class=\"wpcf7-list-item-label\">Rinoplastia<\/span><\/span><span class=\"wpcf7-list-item\"><input type=\"radio\" name=\"rbfacial\" value=\"P\u00e1rpados\" \/><span class=\"wpcf7-list-item-label\">P\u00e1rpados<\/span><\/span><span class=\"wpcf7-list-item\"><input type=\"radio\" name=\"rbfacial\" value=\"Rostro\" \/><span class=\"wpcf7-list-item-label\">Rostro<\/span><\/span><span class=\"wpcf7-list-item\"><input type=\"radio\" name=\"rbfacial\" value=\"Labios\" \/><span class=\"wpcf7-list-item-label\">Labios<\/span><\/span><span class=\"wpcf7-list-item\"><input type=\"radio\" name=\"rbfacial\" value=\"Orejas\" \/><span class=\"wpcf7-list-item-label\">Orejas<\/span><\/span><span class=\"wpcf7-list-item last\"><input type=\"radio\" name=\"rbfacial\" value=\"Cuello\" \/><span class=\"wpcf7-list-item-label\">Cuello<\/span><\/span><\/span><\/span><\/div>\n\n<div class=\"uacf7_conditional condtxtfacialrinoplastia\">\n<div class=\"form-row\"><strong>RINOPLASTIA. Si la selecci\u00f3n es la opci\u00f3n responda a las siguientes preguntas:<\/strong><\/div>\n<div class=\"form-row\">\n<div class=\"column-half\"> <span class=\"wpcf7-form-control-wrap\" data-name=\"your-rinofosanasal\"><input size=\"40\" maxlength=\"400\" class=\"wpcf7-form-control wpcf7-text\" aria-invalid=\"false\" placeholder=\"\u00bfRespira correctamente? Indique fosa nasal con dificultad\" value=\"\" type=\"text\" name=\"your-rinofosanasal\" \/><\/span> <\/div>\n<div class=\"column-half\"> <span class=\"wpcf7-form-control-wrap\" data-name=\"your-rinoalergias\"><input size=\"40\" maxlength=\"400\" class=\"wpcf7-form-control wpcf7-text\" aria-invalid=\"false\" placeholder=\"\u00bfExperimenta alergias estacionales?\" value=\"\" type=\"text\" name=\"your-rinoalergias\" \/><\/span> <\/div>\n<div class=\"column-half\"> <span class=\"wpcf7-form-control-wrap\" data-name=\"your-rinoacido\"><input size=\"40\" maxlength=\"400\" class=\"wpcf7-form-control wpcf7-text\" aria-invalid=\"false\" placeholder=\"\u00bfHa recibido inyecciones de \u00e1cido hialun\u00f3rico en la nariz?\" value=\"\" type=\"text\" name=\"your-rinoacido\" \/><\/span> <\/div>\n<div class=\"column-half\"> <span class=\"wpcf7-form-control-wrap\" data-name=\"your-rinotraumatismo\"><input size=\"40\" maxlength=\"400\" class=\"wpcf7-form-control wpcf7-text\" aria-invalid=\"false\" placeholder=\"\u00bfHa recibido traumatismos previos?\" value=\"\" type=\"text\" name=\"your-rinotraumatismo\" \/><\/span> <\/div>\n<\/div>\n\n\n<div class=\"form-row\">\n<div class=\"column-full\">\n<div class=\"wpb_text_column wpb_content_element  vc_custom_1714122670223\">\n<div class=\"wpb_wrapper\">\n<p><strong>NOTA. En el caso de rinoplastia, se proporcionar\u00e1 una simulaci\u00f3n del posible resultado de la cirug\u00eda. Es importante recordar que esta simulaci\u00f3n no garantiza un resultado id\u00e9ntico, pero ofrece una aproximaci\u00f3n visual de las posibilidades quir\u00fargicas.<\/strong><\/p>\n<\/div>\n<\/div>\n<\/div>\n<\/div>\n<\/div>\n<\/div>\n<div class=\"uacf7_conditional condtxtintimo\">\n<div class=\"column-full uacf7-border\"><span class=\"wpcf7-form-control-wrap\" data-name=\"rbintimo\"><span class=\"wpcf7-form-control wpcf7-radio\"><span class=\"wpcf7-list-item first\"><input type=\"radio\" name=\"rbintimo\" value=\"Reducci\u00f3n de labios menores\" checked=\"checked\" \/><span class=\"wpcf7-list-item-label\">Reducci\u00f3n de labios menores<\/span><\/span><span class=\"wpcf7-list-item\"><input type=\"radio\" name=\"rbintimo\" value=\"Reducci\u00f3n de labios mayores\" \/><span class=\"wpcf7-list-item-label\">Reducci\u00f3n de labios mayores<\/span><\/span><span class=\"wpcf7-list-item last\"><input type=\"radio\" name=\"rbintimo\" value=\"Aumento de labios mayores\" \/><span class=\"wpcf7-list-item-label\">Aumento de labios mayores<\/span><\/span><\/span><\/span><\/div>\n<\/div>\n\n<div class=\"column-full\"><span class=\"wpcf7-form-control-wrap\" data-name=\"expectativas\"><input size=\"40\" maxlength=\"400\" class=\"wpcf7-form-control wpcf7-text\" aria-invalid=\"false\" placeholder=\"A\u00f1adir un comentario sobre tus expectativas y objetivos con la cirug\u00eda.\" value=\"\" type=\"text\" name=\"expectativas\" \/><\/span> <\/div>\n\n<div class=\"form-row\"><strong>TIEMPO ESTIMADO<\/strong><\/div>\n<div class=\"form-row\">\n<div class=\"column-full\"><span class=\"wpcf7-form-control-wrap\" data-name=\"tiempoestimado\"><input size=\"40\" maxlength=\"400\" class=\"wpcf7-form-control wpcf7-text\" aria-invalid=\"false\" placeholder=\"En que fechas aproximadas te gustar\u00eda programar tu cirug\u00eda\" value=\"\" type=\"text\" name=\"tiempoestimado\" \/><\/span> <\/div>\n<div class=\"column-full\"><span class=\"wpcf7-form-control-wrap\" data-name=\"comentario\"><input size=\"40\" maxlength=\"400\" class=\"wpcf7-form-control wpcf7-text\" aria-invalid=\"false\" placeholder=\"\u00bfHay alg\u00fan comentario adicional que te gustar\u00eda a\u00f1adir?\" value=\"\" type=\"text\" name=\"comentario\" \/><\/span> <\/div>\n<\/div>\n\n<div class=\"form-row\"><strong>ENV\u00cdO FOTOS.<\/strong><\/div>\n<div class=\"form-row\">\nLas fotograf\u00edas deben tomarse con un fondo liso, buena iluminaci\u00f3n y enfoque adecuado.<\/div>\n<\/div>\n\n<div class=\"form-row\">\n<div class=\"column-full\">\n<div class=\"wpb_text_column wpb_content_element  vc_custom_1714122670223\">\n<div class=\"wpb_wrapper\">\n<p><strong>NOTA. Fotos requeridas para completar el formulario. El tama\u00f1o de las im\u00e1genes no pueden superar los 2 mb cada una<\/strong><\/p>\n<\/div>\n<\/div>\n<\/div>\n<\/div>\n\n<div class=\"form-row\">\n<div class=\"uacf7_conditional condimgfacial\">\n<div class=\"column-full cf7Border\">\n<div class=\"column-full\"><strong>FACIAL<\/strong><\/div>\n<label for=\"inputimagen\"><div class=\"column-full\"><img decoding=\"async\" src=\"https:\/\/www.cirugiaplasticaospina.com\/wp-content\/uploads\/2024\/05\/FFrontal.png\" class=\"icono\">Foto Frontal<span class=\"wpcf7-form-control-wrap\" data-name=\"FotoFacialFrontal\"><input size=\"40\" class=\"wpcf7-form-control wpcf7-file wpcf7-validates-as-required\" accept=\"audio\/*,video\/*,image\/*\" aria-required=\"true\" aria-invalid=\"false\" type=\"file\" name=\"FotoFacialFrontal\" \/><\/span><\/div><\/label>\n<label for=\"inputimagen\"><div class=\"column-full\"><img decoding=\"async\" src=\"https:\/\/www.cirugiaplasticaospina.com\/wp-content\/uploads\/2024\/04\/FPerfil_derecho.png\" class=\"icono\">Foto Perfil Derecho<span class=\"wpcf7-form-control-wrap\" data-name=\"FotoFacialPDerecho\"><input size=\"40\" class=\"wpcf7-form-control wpcf7-file wpcf7-validates-as-required\" accept=\"audio\/*,video\/*,image\/*\" aria-required=\"true\" aria-invalid=\"false\" type=\"file\" name=\"FotoFacialPDerecho\" \/><\/span><\/div><\/label>\n<label for=\"inputimagen\"><div class=\"column-full\"><img decoding=\"async\" src=\"https:\/\/www.cirugiaplasticaospina.com\/wp-content\/uploads\/2024\/04\/FOblicua_derecha.png\" class=\"icono\">Foto Oblicua Derecho<span class=\"wpcf7-form-control-wrap\" data-name=\"FotoFacialODerecho\"><input size=\"40\" class=\"wpcf7-form-control wpcf7-file wpcf7-validates-as-required\" accept=\"audio\/*,video\/*,image\/*\" aria-required=\"true\" aria-invalid=\"false\" type=\"file\" name=\"FotoFacialODerecho\" \/><\/span><\/div><\/label>\n<label for=\"inputimagen\"><div class=\"column-full\"><img decoding=\"async\" src=\"https:\/\/www.cirugiaplasticaospina.com\/wp-content\/uploads\/2024\/04\/FPerfil_izquierdo.png\" class=\"icono\">Foto Perfil Izquierdo<span class=\"wpcf7-form-control-wrap\" data-name=\"FotoFacialPIzquierdo\"><input size=\"40\" class=\"wpcf7-form-control wpcf7-file wpcf7-validates-as-required\" accept=\"audio\/*,video\/*,image\/*\" aria-required=\"true\" aria-invalid=\"false\" type=\"file\" name=\"FotoFacialPIzquierdo\" \/><\/span><\/div><\/label>\n<label for=\"inputimagen\"><div class=\"column-full\"><img decoding=\"async\" src=\"https:\/\/www.cirugiaplasticaospina.com\/wp-content\/uploads\/2024\/04\/FOblicua_izquierda.png\" class=\"icono\">Foto Oblicua Izquierda<span class=\"wpcf7-form-control-wrap\" data-name=\"FotoFacialOIzquierdo\"><input size=\"40\" class=\"wpcf7-form-control wpcf7-file wpcf7-validates-as-required\" accept=\"audio\/*,video\/*,image\/*\" aria-required=\"true\" aria-invalid=\"false\" type=\"file\" name=\"FotoFacialOIzquierdo\" \/><\/span><\/div><\/label>\n<label for=\"inputimagen\"><div class=\"column-full\"><img decoding=\"async\" src=\"https:\/\/www.cirugiaplasticaospina.com\/wp-content\/uploads\/2024\/04\/FVista_inferior.png\" class=\"icono\">Foto Vista Inferior. Solo Rinoplastia<span class=\"wpcf7-form-control-wrap\" data-name=\"FotoFacialVInterior\"><input size=\"40\" class=\"wpcf7-form-control wpcf7-file wpcf7-validates-as-required\" accept=\"audio\/*,video\/*,image\/*\" aria-required=\"true\" aria-invalid=\"false\" type=\"file\" name=\"FotoFacialVInterior\" \/><\/span><\/div><\/label>\n<label for=\"inputimagen\"><div class=\"column-full\"><img decoding=\"async\" src=\"https:\/\/www.cirugiaplasticaospina.com\/wp-content\/uploads\/2024\/04\/FVista_superior.png\" class=\"icono\">Foto Vista Superior<span class=\"wpcf7-form-control-wrap\" data-name=\"FotoFacialVSuperior\"><input size=\"40\" class=\"wpcf7-form-control wpcf7-file wpcf7-validates-as-required\" accept=\"audio\/*,video\/*,image\/*\" aria-required=\"true\" aria-invalid=\"false\" type=\"file\" name=\"FotoFacialVSuperior\" \/><\/span><\/div><\/label>\n<\/div>\n<\/div>\n<div class=\"uacf7_conditional condimgmama\">\n<div class=\"column-full cf7Border\">\n<div class=\"column-full\"><strong>MAMA<\/strong><\/div>\n<label for=\"inputimagen\"><div class=\"column-full\"><img decoding=\"async\" src=\"https:\/\/www.cirugiaplasticaospina.com\/wp-content\/uploads\/2024\/04\/MFoto_frontal.png\" class=\"icono\">Foto Frontal<span class=\"wpcf7-form-control-wrap\" data-name=\"FotoMamaFrontal\"><input size=\"40\" class=\"wpcf7-form-control wpcf7-file wpcf7-validates-as-required\" accept=\"audio\/*,video\/*,image\/*\" aria-required=\"true\" aria-invalid=\"false\" type=\"file\" name=\"FotoMamaFrontal\" \/><\/span><\/div><\/label>\n<label for=\"inputimagen\"><div class=\"column-full\"><img decoding=\"async\" src=\"https:\/\/www.cirugiaplasticaospina.com\/wp-content\/uploads\/2024\/04\/MPerfil_derecho.png\" class=\"icono\">Foto Perfil Derecho<span class=\"wpcf7-form-control-wrap\" data-name=\"FotoMamaPDerecho\"><input size=\"40\" class=\"wpcf7-form-control wpcf7-file wpcf7-validates-as-required\" accept=\"audio\/*,video\/*,image\/*\" aria-required=\"true\" aria-invalid=\"false\" type=\"file\" name=\"FotoMamaPDerecho\" \/><\/span><\/div><\/label>\n<label for=\"inputimagen\"><div class=\"column-full\"><img decoding=\"async\" src=\"https:\/\/www.cirugiaplasticaospina.com\/wp-content\/uploads\/2024\/04\/MOblicua_derecha.png\" class=\"icono\">Foto Oblicua Derecho<span class=\"wpcf7-form-control-wrap\" data-name=\"FotoMamaODerecho\"><input size=\"40\" class=\"wpcf7-form-control wpcf7-file wpcf7-validates-as-required\" accept=\"audio\/*,video\/*,image\/*\" aria-required=\"true\" aria-invalid=\"false\" type=\"file\" name=\"FotoMamaODerecho\" \/><\/span><\/div><\/label>\n<label for=\"inputimagen\"><div class=\"column-full\"><img decoding=\"async\" src=\"https:\/\/www.cirugiaplasticaospina.com\/wp-content\/uploads\/2024\/04\/MPerfil_izquierdo.png\" class=\"icono\">Foto Perfil Izquierdo<span class=\"wpcf7-form-control-wrap\" data-name=\"FotoMamaPIzquierdo\"><input size=\"40\" class=\"wpcf7-form-control wpcf7-file wpcf7-validates-as-required\" accept=\"audio\/*,video\/*,image\/*\" aria-required=\"true\" aria-invalid=\"false\" type=\"file\" name=\"FotoMamaPIzquierdo\" \/><\/span><\/div><\/label>\n<label for=\"inputimagen\"><div class=\"column-full\"><img decoding=\"async\" src=\"https:\/\/www.cirugiaplasticaospina.com\/wp-content\/uploads\/2024\/04\/MOblicua_izquierda.png\" class=\"icono\">Foto Oblicua Izquierda<span class=\"wpcf7-form-control-wrap\" data-name=\"FotoMamaOIzquierdo\"><input size=\"40\" class=\"wpcf7-form-control wpcf7-file wpcf7-validates-as-required\" accept=\"audio\/*,video\/*,image\/*\" aria-required=\"true\" aria-invalid=\"false\" type=\"file\" name=\"FotoMamaOIzquierdo\" \/><\/span><\/div><\/label>\n<label for=\"inputimagen\"><div class=\"column-full\"><img decoding=\"async\" src=\"https:\/\/www.cirugiaplasticaospina.com\/wp-content\/uploads\/2024\/04\/MBrazos_levantados.png\" class=\"icono\">Foto Brazos Levantados<span class=\"wpcf7-form-control-wrap\" data-name=\"FotoMamaBrazos\"><input size=\"40\" class=\"wpcf7-form-control wpcf7-file wpcf7-validates-as-required\" accept=\"audio\/*,video\/*,image\/*\" aria-required=\"true\" aria-invalid=\"false\" type=\"file\" name=\"FotoMamaBrazos\" \/><\/span><\/div><\/label>\n<\/div>\n<\/div>\n<div class=\"uacf7_conditional condimgcorporal\">\n<div class=\"column-full cf7Border\">\n<div class=\"column-full\"><strong>CORPORAL<\/strong><\/div>\n<label for=\"inputimagen\"><div class=\"column-full\"><img decoding=\"async\" src=\"https:\/\/www.cirugiaplasticaospina.com\/wp-content\/uploads\/2024\/04\/CCCorporal_frontal.png\" class=\"icono\">Foto Frontal<span class=\"wpcf7-form-control-wrap\" data-name=\"FotoCorporalFrontal\"><input size=\"40\" class=\"wpcf7-form-control wpcf7-file wpcf7-validates-as-required\" accept=\"audio\/*,video\/*,image\/*\" aria-required=\"true\" aria-invalid=\"false\" type=\"file\" name=\"FotoCorporalFrontal\" \/><\/span><\/div><\/label>\n<label for=\"inputimagen\"><div class=\"column-full\"><img decoding=\"async\" src=\"https:\/\/www.cirugiaplasticaospina.com\/wp-content\/uploads\/2024\/04\/CCPerfil_derecho.png\" class=\"icono\">Foto Perfil Derecho<span class=\"wpcf7-form-control-wrap\" data-name=\"FotoCorporalPDerecho\"><input size=\"40\" class=\"wpcf7-form-control wpcf7-file wpcf7-validates-as-required\" accept=\"audio\/*,video\/*,image\/*\" aria-required=\"true\" aria-invalid=\"false\" type=\"file\" name=\"FotoCorporalPDerecho\" \/><\/span><\/div><\/label>\n<label for=\"inputimagen\"><div class=\"column-full\"><img decoding=\"async\" src=\"https:\/\/www.cirugiaplasticaospina.com\/wp-content\/uploads\/2024\/04\/CCoblicua_derecha.png\" class=\"icono\">Foto Oblicua Derecho<span class=\"wpcf7-form-control-wrap\" data-name=\"FotoCorporalODerecho\"><input size=\"40\" class=\"wpcf7-form-control wpcf7-file wpcf7-validates-as-required\" accept=\"audio\/*,video\/*,image\/*\" aria-required=\"true\" aria-invalid=\"false\" type=\"file\" name=\"FotoCorporalODerecho\" \/><\/span><\/div><\/label>\n<label for=\"inputimagen\"><div class=\"column-full\"><img decoding=\"async\" src=\"https:\/\/www.cirugiaplasticaospina.com\/wp-content\/uploads\/2024\/04\/Perfil_izquierdo.png\" class=\"icono\">Foto Perfil Izquierdo<span class=\"wpcf7-form-control-wrap\" data-name=\"FotoCorporalPIzquierdo\"><input size=\"40\" class=\"wpcf7-form-control wpcf7-file wpcf7-validates-as-required\" accept=\"audio\/*,video\/*,image\/*\" aria-required=\"true\" aria-invalid=\"false\" type=\"file\" name=\"FotoCorporalPIzquierdo\" \/><\/span><\/div><\/label>\n<label for=\"inputimagen\"><div class=\"column-full\"><img decoding=\"async\" src=\"https:\/\/www.cirugiaplasticaospina.com\/wp-content\/uploads\/2024\/04\/CCOblicua_izquierda.png\" class=\"icono\">Foto Oblicua Izquierda<span class=\"wpcf7-form-control-wrap\" data-name=\"FotoCorporalOIzquierdo\"><input size=\"40\" class=\"wpcf7-form-control wpcf7-file wpcf7-validates-as-required\" accept=\"audio\/*,video\/*,image\/*\" aria-required=\"true\" aria-invalid=\"false\" type=\"file\" name=\"FotoCorporalOIzquierdo\" \/><\/span><\/div><\/label>\n<\/div>\n<\/div>\n<div class=\"uacf7_conditional condimgintima\">\n<div class=\"column-full cf7Border\">\n<div class=\"column-full\"><strong>INTIMA<\/strong><\/div>\n<label for=\"inputimagen\"><div class=\"column-full\"><img decoding=\"async\" src=\"https:\/\/www.cirugiaplasticaospina.com\/wp-content\/uploads\/2024\/08\/FrontalIntimo.png\" class=\"icono\">Foto Frontal<span class=\"wpcf7-form-control-wrap\" data-name=\"FotoIntimaFrontal\"><input size=\"40\" class=\"wpcf7-form-control wpcf7-file wpcf7-validates-as-required\" accept=\"audio\/*,video\/*,image\/*\" aria-required=\"true\" aria-invalid=\"false\" type=\"file\" name=\"FotoIntimaFrontal\" \/><\/span><\/div><\/label>\n<\/div>\n<\/div>\n<\/div>\n<div class=\"form-row\">\n<div class=\"column-full\">\n<p style=\"margin-top:15px\"><span class=\"wpcf7-form-control-wrap\" data-name=\"acceptpoliticaprivacidad\"><span class=\"wpcf7-form-control wpcf7-acceptance\"><span class=\"wpcf7-list-item\"><label><input type=\"checkbox\" name=\"acceptpoliticaprivacidad\" value=\"1\" aria-invalid=\"false\" \/><span class=\"wpcf7-list-item-label\">Consiento el uso de mis datos para los fines indicados en la <a href=\"https:\/\/www.cirugiaplasticaospina.com\/politica-de-privacidad\/\" target=\"_blank\">Pol\u00edtica de Privacidad<\/a><\/span><\/label><\/span><\/span><\/span><\/p>\n<p style=\"margin-top:15px\"><span class=\"wpcf7-form-control-wrap\" data-name=\"acceptpoliticadevoluciones\"><span class=\"wpcf7-form-control wpcf7-acceptance\"><span class=\"wpcf7-list-item\"><label><input type=\"checkbox\" name=\"acceptpoliticadevoluciones\" value=\"1\" aria-invalid=\"false\" \/><span class=\"wpcf7-list-item-label\">Consiento la <a href=\"https:\/\/www.cirugiaplasticaospina.com\/reembolso_devoluciones\/\" target=\"_blank\">Pol\u00edtica de devoluciones y reembolsos<\/a><\/span><\/label><\/span><\/span><\/span><\/p>\n<p style=\"margin-top:15px\"><span class=\"wpcf7-form-control-wrap\" data-name=\"acceptapublicidad\"><span class=\"wpcf7-form-control wpcf7-checkbox\"><span class=\"wpcf7-list-item first last\"><input type=\"checkbox\" name=\"acceptapublicidad[]\" value=\"Consiento el uso de mis datos personales para recibir publicidad de su entidad.\" \/><span class=\"wpcf7-list-item-label\">Consiento el uso de mis datos personales para recibir publicidad de su entidad.<\/span><\/span><\/span><\/span><\/p>\n\n<\/div>\n<\/div>\n\n<p style=\"margin-top:15px\"><input class=\"wpcf7-form-control wpcf7-submit has-spinner\" type=\"submit\" value=\"SOLICITAR CONSULTA DIGITALIZADA\" \/><\/p>\n<\/div><!--end responsive-form--><\/div><div class=\"wpcf7-response-output\" aria-hidden=\"true\"><\/div>\n<\/form>\n<\/div>\n[\/vc_column][\/vc_row][vc_row][vc_column][vc_empty_space][\/vc_column][\/vc_row]<\/p>\n<\/div>","protected":false},"excerpt":{"rendered":"<p>[vc_row full_width=&#8221;stretch_row&#8221; content_placement=&#8221;middle&#8221; parallax=&#8221;content-moving&#8221; parallax_image=&#8221;12215&#8243; bg_type=&#8221;image&#8221; parallax_style=&#8221;vcpb-default&#8221; bg_image_new=&#8221;id^12215|url^https:\/\/www.cirugiaplasticaospina.com\/wp-content\/uploads\/2024\/04\/Fondo_opacidad.jpg|caption^Businessman working laptop for new architectural project. Generic design notebook on the table. Young businessman working with laptop at office. Unrecognizable man using a modern portable computer|alt^null|title^Businessman working laptop for new architectural project. Generic design notebook on the table. Young businessman working with laptop at office. Unrecognizable man [&hellip;]<\/p>\n","protected":false},"author":2,"featured_media":0,"parent":0,"menu_order":0,"comment_status":"closed","ping_status":"closed","template":"","meta":{"footnotes":""},"class_list":["post-12321","page","type-page","status-publish","hentry"],"_links":{"self":[{"href":"https:\/\/www.cirugiaplasticaospina.com\/en\/wp-json\/wp\/v2\/pages\/12321","targetHints":{"allow":["GET"]}}],"collection":[{"href":"https:\/\/www.cirugiaplasticaospina.com\/en\/wp-json\/wp\/v2\/pages"}],"about":[{"href":"https:\/\/www.cirugiaplasticaospina.com\/en\/wp-json\/wp\/v2\/types\/page"}],"author":[{"embeddable":true,"href":"https:\/\/www.cirugiaplasticaospina.com\/en\/wp-json\/wp\/v2\/users\/2"}],"replies":[{"embeddable":true,"href":"https:\/\/www.cirugiaplasticaospina.com\/en\/wp-json\/wp\/v2\/comments?post=12321"}],"version-history":[{"count":1,"href":"https:\/\/www.cirugiaplasticaospina.com\/en\/wp-json\/wp\/v2\/pages\/12321\/revisions"}],"predecessor-version":[{"id":12322,"href":"https:\/\/www.cirugiaplasticaospina.com\/en\/wp-json\/wp\/v2\/pages\/12321\/revisions\/12322"}],"wp:attachment":[{"href":"https:\/\/www.cirugiaplasticaospina.com\/en\/wp-json\/wp\/v2\/media?parent=12321"}],"curies":[{"name":"wp","href":"https:\/\/api.w.org\/{rel}","templated":true}]}}